{"id":185,"date":"2017-10-14T12:59:46","date_gmt":"2017-10-14T10:59:46","guid":{"rendered":"http:\/\/craaltorricon.catedu.es\/?page_id=185"},"modified":"2021-07-15T09:12:03","modified_gmt":"2021-07-15T07:12:03","slug":"contacto","status":"publish","type":"page","link":"https:\/\/craaltorricon.catedu.es\/?page_id=185","title":{"rendered":"Contacto"},"content":{"rendered":"<h3><strong>Tel\u00e9fonos de contacto :<\/strong><\/h3>\n<p>SEDE - CRA Altorric\u00f3n - <strong>Altorric\u00f3n<\/strong> - 974425202<\/p>\n<p>CRA Altorric\u00f3n - <strong>Algay\u00f3n<\/strong> -\u00a0974424036<\/p>\n<p>CRA Altorric\u00f3n - <strong>Vencill\u00f3n<\/strong> -\u00a0974434344<\/p>\n<h3>Email de contacto :<\/h3>\n<p>craaltorricon@educa.aragon.es<\/p>\n<h3><strong>Formulario de contacto de la web :\u00a0<\/strong><\/h3>\n\n<div class=\"wpcf7 no-js\" id=\"wpcf7-f203-o1\" lang=\"es-ES\" dir=\"ltr\" data-wpcf7-id=\"203\">\n<div class=\"screen-reader-response\"><p role=\"status\" aria-live=\"polite\" aria-atomic=\"true\"><\/p> <ul><\/ul><\/div>\n<form action=\"\/index.php?rest_route=%2Fwp%2Fv2%2Fpages%2F185#wpcf7-f203-o1\" method=\"post\" class=\"wpcf7-form init\" aria-label=\"Formulario de contacto\" novalidate=\"novalidate\" data-status=\"init\">\n<fieldset class=\"hidden-fields-container\"><input type=\"hidden\" name=\"_wpcf7\" value=\"203\" \/><input type=\"hidden\" name=\"_wpcf7_version\" value=\"6.1.5\" \/><input type=\"hidden\" name=\"_wpcf7_locale\" value=\"es_ES\" \/><input type=\"hidden\" name=\"_wpcf7_unit_tag\" value=\"wpcf7-f203-o1\" \/><input type=\"hidden\" name=\"_wpcf7_container_post\" value=\"0\" \/><input type=\"hidden\" name=\"_wpcf7_posted_data_hash\" value=\"\" \/>\n<\/fieldset>\n<p><label> Nombre (requerido)<br \/>\n<span class=\"wpcf7-form-control-wrap\" data-name=\"your-name\"><input size=\"40\" maxlength=\"400\" class=\"wpcf7-form-control wpcf7-text wpcf7-validates-as-required\" aria-required=\"true\" aria-invalid=\"false\" value=\"\" type=\"text\" name=\"your-name\" \/><\/span> <\/label>\n<\/p>\n<p><label> Tu correo electr\u00f3nico (requerido)<br \/>\n<span class=\"wpcf7-form-control-wrap\" data-name=\"your-email\"><input size=\"40\" maxlength=\"400\" class=\"wpcf7-form-control wpcf7-email wpcf7-validates-as-required wpcf7-text wpcf7-validates-as-email\" aria-required=\"true\" aria-invalid=\"false\" value=\"\" type=\"email\" name=\"your-email\" \/><\/span> <\/label>\n<\/p>\n<p><label> Asunto (requerido)<br \/>\n<span class=\"wpcf7-form-control-wrap\" data-name=\"your-subject\"><input size=\"40\" maxlength=\"400\" class=\"wpcf7-form-control wpcf7-text wpcf7-validates-as-required\" aria-required=\"true\" aria-invalid=\"false\" value=\"\" type=\"text\" name=\"your-subject\" \/><\/span> <\/label>\n<\/p>\n<p><label> Mensaje (requerido)<br \/>\n<span class=\"wpcf7-form-control-wrap\" data-name=\"your-message\"><textarea cols=\"40\" rows=\"10\" maxlength=\"2000\" class=\"wpcf7-form-control wpcf7-textarea wpcf7-validates-as-required\" aria-required=\"true\" aria-invalid=\"false\" name=\"your-message\"><\/textarea><\/span> <\/label>\n<\/p>\n<p><input class=\"wpcf7-form-control wpcf7-submit has-spinner\" type=\"submit\" value=\"Enviar\" \/>\n<\/p><p style=\"display: none !important;\" class=\"akismet-fields-container\" data-prefix=\"_wpcf7_ak_\"><label>&#916;<textarea name=\"_wpcf7_ak_hp_textarea\" cols=\"45\" rows=\"8\" maxlength=\"100\"><\/textarea><\/label><input type=\"hidden\" id=\"ak_js_1\" name=\"_wpcf7_ak_js\" value=\"204\"\/><script type=\"text\/javascript\">\n\/* <![CDATA[ *\/\ndocument.getElementById( \"ak_js_1\" ).setAttribute( \"value\", ( new Date() ).getTime() );\n\/* ]]> *\/\n<\/script>\n<\/p><div class=\"wpcf7-response-output\" aria-hidden=\"true\"><\/div>\n<\/form>\n<\/div>\n\n","protected":false},"excerpt":{"rendered":"<p>Tel\u00e9fonos de contacto : SEDE - CRA Altorric\u00f3n - Altorric\u00f3n - 974425202 CRA Altorric\u00f3n - Algay\u00f3n -\u00a0974424036 CRA Altorric\u00f3n - Vencill\u00f3n -\u00a0974434344 Email de contacto : craaltorricon@educa.aragon.es Formulario de contacto de la web :\u00a0<\/p>\n","protected":false},"author":786,"featured_media":0,"parent":0,"menu_order":0,"comment_status":"closed","ping_status":"closed","template":"","meta":{"_uag_custom_page_level_css":"","_monsterinsights_skip_tracking":false,"_monsterinsights_sitenote_active":false,"_monsterinsights_sitenote_note":"","_monsterinsights_sitenote_category":0,"jetpack_post_was_ever_published":false,"footnotes":""},"class_list":["post-185","page","type-page","status-publish","h-entry","hentry","h-as-page"],"uagb_featured_image_src":{"full":false,"thumbnail":false,"medium":false,"medium_large":false,"large":false,"1536x1536":false,"2048x2048":false,"custom-header-image":false},"uagb_author_info":{"display_name":"admin","author_link":"https:\/\/craaltorricon.catedu.es\/?author=786"},"uagb_comment_info":0,"uagb_excerpt":"Tel\u00e9fonos de contacto : SEDE - CRA Altorric\u00f3n - Altorric\u00f3n - 974425202 CRA Altorric\u00f3n - Algay\u00f3n -\u00a0974424036 CRA Altorric\u00f3n - Vencill\u00f3n -\u00a0974434344 Email de contacto : craaltorricon@educa.aragon.es Formulario de contacto de la web :\u00a0","jetpack_sharing_enabled":true,"jetpack_shortlink":"https:\/\/wp.me\/P8T00Q-2Z","jetpack-related-posts":[{"id":111,"url":"https:\/\/craaltorricon.catedu.es\/?page_id=111","url_meta":{"origin":185,"position":0},"title":"\u00a1\u00a1BIENVENIDOS!!","author":"admin","date":"2 julio, 2017","format":false,"excerpt":"Nos presentamos... Somos el Colegio Rural Agrupado ( CRA ) de Altorric\u00f3n. Est\u00e1 formado por las localidades de Altorric\u00f3n, que es la sede, Algay\u00f3n y Vencill\u00f3n. En esta p\u00e1gina podr\u00e9is encontrar informaciones varias de nuestro CRA as\u00ed como algunas de las actividades que se realizan en las diferentes localidades. Si\u2026","rel":"","context":"Entrada similar","block_context":{"text":"Entrada similar","link":""},"img":{"alt_text":"","src":"","width":0,"height":0},"classes":[]},{"id":3781,"url":"https:\/\/craaltorricon.catedu.es\/?page_id=3781","url_meta":{"origin":185,"position":1},"title":"CORREOS PROFESORADO","author":"CRA Altorric\u00f3n","date":"30 septiembre, 2025","format":false,"excerpt":"","rel":"","context":"Entrada similar","block_context":{"text":"Entrada similar","link":""},"img":{"alt_text":"","src":"","width":0,"height":0},"classes":[]},{"id":3717,"url":"https:\/\/craaltorricon.catedu.es\/?page_id=3717","url_meta":{"origin":185,"position":2},"title":"Documentos","author":"CRA Altorric\u00f3n","date":"16 abril, 2025","format":false,"excerpt":"Aqu\u00ed pod\u00e9is encontrar varios documentos, a medida que los tengamos hechos y aprobados, los iremos subiendo. Proyecto Curricular de Etapa ( PCE ) Infantil Proyecto Curricular de Etapa ( PCE ) Primaria Programaci\u00f3n General Anual ( PGA ) 25-26","rel":"","context":"Entrada similar","block_context":{"text":"Entrada similar","link":""},"img":{"alt_text":"","src":"","width":0,"height":0},"classes":[]},{"id":3771,"url":"https:\/\/craaltorricon.catedu.es\/?page_id=3771","url_meta":{"origin":185,"position":3},"title":"SIGAD DID\u00c1CTICA","author":"CRA Altorric\u00f3n","date":"29 septiembre, 2025","format":false,"excerpt":"Para acceder a SIGAD Did\u00e1ctica clicar este enlace. Si no se recuerda el usuario o la contrase\u00f1a, seguir las instrucciones de este documento. En el siguiente v\u00eddeo pod\u00e9is ver c\u00f3mo funciona la plataforma SIGAD Did\u00e1ctica para las familias. https:\/\/www.youtube.com\/watch?v=C0zpYVBc9PQ","rel":"","context":"Entrada similar","block_context":{"text":"Entrada similar","link":""},"img":{"alt_text":"","src":"https:\/\/i0.wp.com\/img.youtube.com\/vi\/C0zpYVBc9PQ\/0.jpg?resize=350%2C200","width":350,"height":200},"classes":[]},{"id":3879,"url":"https:\/\/craaltorricon.catedu.es\/?page_id=3879","url_meta":{"origin":185,"position":4},"title":"Pagos TPV","author":"CRA Altorric\u00f3n","date":"30 enero, 2026","format":false,"excerpt":"Gu\u00eda de c\u00f3mo realizar los pagos : Explicaci\u00f3n pagos TPVDescarga Seleccionar el pago que se quiere realizar en la siguiente lista : Pago reserva excursi\u00f3n al camping Stel en Roda de Bar\u00e1 3\u00ba y 4\u00ba primaria. Pago reserva excursi\u00f3n al camping Stel en Roda de Bar\u00e1 5\u00ba y 6\u00ba primaria.\u2026","rel":"","context":"Entrada similar","block_context":{"text":"Entrada similar","link":""},"img":{"alt_text":"","src":"","width":0,"height":0},"classes":[]},{"id":1101,"url":"https:\/\/craaltorricon.catedu.es\/?page_id=1101","url_meta":{"origin":185,"position":5},"title":"AMPA Altorric\u00f3n","author":"admin","date":"6 septiembre, 2018","format":false,"excerpt":"","rel":"","context":"Entrada similar","block_context":{"text":"Entrada similar","link":""},"img":{"alt_text":"","src":"","width":0,"height":0},"classes":[]}],"jetpack_likes_enabled":true,"_links":{"self":[{"href":"https:\/\/craaltorricon.catedu.es\/index.php?rest_route=\/wp\/v2\/pages\/185","targetHints":{"allow":["GET"]}}],"collection":[{"href":"https:\/\/craaltorricon.catedu.es\/index.php?rest_route=\/wp\/v2\/pages"}],"about":[{"href":"https:\/\/craaltorricon.catedu.es\/index.php?rest_route=\/wp\/v2\/types\/page"}],"author":[{"embeddable":true,"href":"https:\/\/craaltorricon.catedu.es\/index.php?rest_route=\/wp\/v2\/users\/786"}],"replies":[{"embeddable":true,"href":"https:\/\/craaltorricon.catedu.es\/index.php?rest_route=%2Fwp%2Fv2%2Fcomments&post=185"}],"version-history":[{"count":7,"href":"https:\/\/craaltorricon.catedu.es\/index.php?rest_route=\/wp\/v2\/pages\/185\/revisions"}],"predecessor-version":[{"id":2259,"href":"https:\/\/craaltorricon.catedu.es\/index.php?rest_route=\/wp\/v2\/pages\/185\/revisions\/2259"}],"wp:attachment":[{"href":"https:\/\/craaltorricon.catedu.es\/index.php?rest_route=%2Fwp%2Fv2%2Fmedia&parent=185"}],"curies":[{"name":"wp","href":"https:\/\/api.w.org\/{rel}","templated":true}]}}